{"id":90,"date":"2020-03-22T15:22:10","date_gmt":"2020-03-22T15:22:10","guid":{"rendered":"http:\/\/st-ilgen-tigy.de\/?page_id=90"},"modified":"2021-03-11T14:10:35","modified_gmt":"2021-03-11T14:10:35","slug":"chemin-de-st-ilgen","status":"publish","type":"page","link":"https:\/\/st-ilgen-tigy.de\/index.php\/deutsch-franzoesische-freundschaft\/chemin-de-st-ilgen\/","title":{"rendered":"Chemin de St Ilgen"},"content":{"rendered":"\n<div class=\"wp-block-media-text alignwide is-stacked-on-mobile\" style=\"grid-template-columns:21% auto\"><figure class=\"wp-block-media-text__media\"><img loading=\"lazy\" decoding=\"async\" width=\"313\" height=\"1024\" src=\"http:\/\/st-ilgen-tigy.de\/wp-content\/uploads\/2020\/02\/Chemin_de_StIlgen-313x1024.jpg\" alt=\"\" class=\"wp-image-23 size-full\" srcset=\"https:\/\/st-ilgen-tigy.de\/wp-content\/uploads\/2020\/02\/Chemin_de_StIlgen-313x1024.jpg 313w, https:\/\/st-ilgen-tigy.de\/wp-content\/uploads\/2020\/02\/Chemin_de_StIlgen-92x300.jpg 92w, https:\/\/st-ilgen-tigy.de\/wp-content\/uploads\/2020\/02\/Chemin_de_StIlgen.jpg 376w\" sizes=\"auto, (max-width: 313px) 100vw, 313px\" \/><\/figure><div class=\"wp-block-media-text__content\">\n<p>St. Ilgen se trouve au bord de la vall\u00e9e du Rhin au pied de la petite Odenwald, \u00e0 environ 8 km au sud de Heidelberg. La commune est aujourd\u00b4hui rattach\u00e9e \u00e0 celle de Leimen. Le nom de \u201eSt. Ilgen\u201c fait \u00e9cho au monast\u00e8re Sanctus Egidius, qui a \u00e9t\u00e9 fond\u00e9 au XII\u00e8me si\u00e8cle et qui a aujourd\u00b4hui donn\u00e9 son nom \u00e0 l&#8217;\u00e9glise catholique de la ville. <\/p>\n\n\n\n<p>En 1843, St. Ilgen a \u00e9t\u00e9 raccord\u00e9e \u00e0 la ligne de chemin de fer Heidelberg-Karlsruhe. Il y avait \u00e0 l\u00b4\u00e9poque trois fabriques de cigares et une tannerie, qui donnaient du travail \u00e0 la majorit\u00e9 de la population. En 1970, lorsqu\u00b4un accord de jumelage a \u00e9t\u00e9 d\u00e9cid\u00e9, Saint Ilgen comptait 5000 habitants. On en d\u00e9nombre 11 000 aujourd\u00b4hui. En raison de bonnes liaisons de transport, (train, tramway\u2026) la majorit\u00e9 de la population travaille dans les grands centres r\u00e9gionaux de Heidelberg, Mannheim et Karlsruhe. <\/p>\n\n\n\n<p> Les deux hommes se sont retrouv\u00e9s (des ann\u00e9es plus tard), en 1966 et sont devenus amis. Ils ont eu alors l&#8217;id\u00e9e de cr\u00e9er un jumelage entre Saint-Ilgen et Tigy, jumelage qui a \u00e9t\u00e9 officialis\u00e9 le 1er avril 1970 par les maires de l\u00b4\u00e9poque, Herbert Ehrbar et Jacques de Moncuit, ainsi que par leurs conseill\u00e9s municipaux.<\/p>\n<\/div><\/div>\n\n\n\n<p><\/p>\n\n\n\n<p><\/p>\n","protected":false},"excerpt":{"rendered":"<p>St. Ilgen se trouve au bord de la vall\u00e9e du Rhin au pied de la petite Odenwald, \u00e0 environ 8 km au sud de Heidelberg. &hellip; <\/p>\n","protected":false},"author":1,"featured_media":0,"parent":2,"menu_order":1,"comment_status":"closed","ping_status":"closed","template":"","meta":{"footnotes":""},"class_list":["post-90","page","type-page","status-publish","hentry"],"_links":{"self":[{"href":"https:\/\/st-ilgen-tigy.de\/index.php\/wp-json\/wp\/v2\/pages\/90","targetHints":{"allow":["GET"]}}],"collection":[{"href":"https:\/\/st-ilgen-tigy.de\/index.php\/wp-json\/wp\/v2\/pages"}],"about":[{"href":"https:\/\/st-ilgen-tigy.de\/index.php\/wp-json\/wp\/v2\/types\/page"}],"author":[{"embeddable":true,"href":"https:\/\/st-ilgen-tigy.de\/index.php\/wp-json\/wp\/v2\/users\/1"}],"replies":[{"embeddable":true,"href":"https:\/\/st-ilgen-tigy.de\/index.php\/wp-json\/wp\/v2\/comments?post=90"}],"version-history":[{"count":6,"href":"https:\/\/st-ilgen-tigy.de\/index.php\/wp-json\/wp\/v2\/pages\/90\/revisions"}],"predecessor-version":[{"id":170,"href":"https:\/\/st-ilgen-tigy.de\/index.php\/wp-json\/wp\/v2\/pages\/90\/revisions\/170"}],"up":[{"embeddable":true,"href":"https:\/\/st-ilgen-tigy.de\/index.php\/wp-json\/wp\/v2\/pages\/2"}],"wp:attachment":[{"href":"https:\/\/st-ilgen-tigy.de\/index.php\/wp-json\/wp\/v2\/media?parent=90"}],"curies":[{"name":"wp","href":"https:\/\/api.w.org\/{rel}","templated":true}]}}